{"id":90,"date":"2024-01-02T12:38:59","date_gmt":"2024-01-02T11:38:59","guid":{"rendered":"https:\/\/trend-setting.fr\/1a1fr1\/?page_id=90"},"modified":"2024-04-18T12:22:24","modified_gmt":"2024-04-18T10:22:24","slug":"notre-equipe","status":"publish","type":"page","link":"https:\/\/trend-setting.fr\/1a1fr1\/notre-equipe\/","title":{"rendered":"\u00c9quipe"},"content":{"rendered":"<p>[et_pb_section fb_built=\u00a0\u00bb1&Prime; _builder_version=\u00a0\u00bb4.23.1&Prime; _module_preset=\u00a0\u00bbdefault\u00a0\u00bb global_colors_info=\u00a0\u00bb{}\u00a0\u00bb][et_pb_row _builder_version=\u00a0\u00bb4.23.1&Prime; _module_preset=\u00a0\u00bbdefault\u00a0\u00bb global_colors_info=\u00a0\u00bb{}\u00a0\u00bb][et_pb_column type=\u00a0\u00bb4_4&Prime; _builder_version=\u00a0\u00bb4.23.1&Prime; _module_preset=\u00a0\u00bbdefault\u00a0\u00bb global_colors_info=\u00a0\u00bb{}\u00a0\u00bb][et_pb_heading _builder_version=\u00a0\u00bb4.23.1&Prime; _module_preset=\u00a0\u00bbdefault\u00a0\u00bb global_colors_info=\u00a0\u00bb{}\u00a0\u00bb][\/et_pb_heading][et_pb_heading title=\u00a0\u00bbContact\u00a0\u00bb _builder_version=\u00a0\u00bb4.23.1&Prime; _module_preset=\u00a0\u00bbdefault\u00a0\u00bb custom_padding=\u00a0\u00bb||4px|||\u00a0\u00bb global_colors_info=\u00a0\u00bb{}\u00a0\u00bb][\/et_pb_heading][et_pb_text _builder_version=\u00a0\u00bb4.23.1&Prime; _module_preset=\u00a0\u00bbdefault\u00a0\u00bb global_colors_info=\u00a0\u00bb{}\u00a0\u00bb]<\/p>\n<p>\u00a0Selfish Magazine propose une nouvelle \u00e8re du magazine f\u00e9minin \u00e0 travers une \u00e9quipe compos\u00e9e uniquement de femmes. C&rsquo;est alors, Astrid, Lola, Mathilde, Manon et Servane qui se partageant les 5 p\u00f4les \u00e9voquait par notre magazine. \u00c0 travers une sensibilit\u00e9 propre \u00e0 chacune, une ADN et un univers unique se cr\u00e9\u00e9e.<\/p>\n<p style=\"text-align: justify\">Il est important pour notre magazine de mettre en avant le d\u00e9tail de notre \u00e9quipe qui le rend si unique. <span>D\u00e9couvrez l&rsquo;\u00e9quipe qui rend possible chaque num\u00e9ro de notre magazine digital. De nos r\u00e9dacteurs passionn\u00e9s \u00e0 nos designers cr\u00e9atifs, chaque membre apporte sa touche unique \u00e0 notre publication. Rencontrez les visages derri\u00e8re les articles captivants que nous proposons. Nous sommes fiers de travailler ensemble pour vous offrir un contenu de qualit\u00e9 et une exp\u00e9rience de lecture inoubliable. Explorez notre \u00e9quipe et apprenez \u00e0 conna\u00eetre ceux qui fa\u00e7onnent chaque aspect de Selfish Magazine.<\/span><\/p>\n<p style=\"font-weight: 400;text-align: justify\">Nous avons soigneusement s\u00e9lectionn\u00e9 chaque membre de notre \u00e9quipe pour leurs comp\u00e9tences exceptionnelles, leur passion pour leur m\u00e9tier et leur engagement envers notre vision. En tant que magazine digital, notre \u00e9quipe repr\u00e9sente la diversit\u00e9 de talents n\u00e9cessaires pour cr\u00e9er un contenu de qualit\u00e9 et une exp\u00e9rience utilisateur immersive. Nos r\u00e9dactrices poss\u00e8dent une expertise dans une vari\u00e9t\u00e9 de domaines, garantissant une couverture approfondie des sujets les plus pertinents. Nos designers et d\u00e9veloppeurs travaillent main dans la main pour cr\u00e9er une plateforme conviviale et esth\u00e9tique, offrant une exp\u00e9rience de lecture fluide et captivante. Notre choix d&rsquo;\u00e9quipe refl\u00e8te notre engagement envers l&rsquo;excellence et notre d\u00e9sir de vous offrir le meilleur contenu possible.<\/p>\n<div style=\"text-align: justify\"><\/div>\n<p style=\"text-align: justify\">\n<p>[\/et_pb_text][\/et_pb_column][\/et_pb_row][et_pb_row column_structure=\u00a0\u00bb1_5,1_5,1_5,1_5,1_5&Prime; _builder_version=\u00a0\u00bb4.23.1&Prime; _module_preset=\u00a0\u00bbdefault\u00a0\u00bb global_colors_info=\u00a0\u00bb{}\u00a0\u00bb][et_pb_column type=\u00a0\u00bb1_5&Prime; _builder_version=\u00a0\u00bb4.23.1&Prime; _module_preset=\u00a0\u00bbdefault\u00a0\u00bb global_colors_info=\u00a0\u00bb{}\u00a0\u00bb][et_pb_testimonial author=\u00a0\u00bbAstrid Haefelin \u00a0\u00bb job_title=\u00a0\u00bbResponsable du p\u00f4le Mode\u00a0\u00bb portrait_url=\u00a0\u00bbhttps:\/\/trend-setting.fr\/1a1fr1\/wp-content\/uploads\/sites\/2\/2024\/04\/IMG_8889.jpg\u00a0\u00bb _builder_version=\u00a0\u00bb4.23.1&Prime; _module_preset=\u00a0\u00bbdefault\u00a0\u00bb global_colors_info=\u00a0\u00bb{}\u00a0\u00bb]<\/p>\n<p style=\"text-align: center\">\u00ab\u00a0Ne pas \u00eatre \u00e0 la mode est la meilleure fa\u00e7on de ne pas se d\u00e9moder.\u00a0\u00bb<\/p>\n<p>&nbsp;<\/p>\n<p>[\/et_pb_testimonial][\/et_pb_column][et_pb_column type=\u00a0\u00bb1_5&Prime; _builder_version=\u00a0\u00bb4.23.1&Prime; _module_preset=\u00a0\u00bbdefault\u00a0\u00bb global_colors_info=\u00a0\u00bb{}\u00a0\u00bb][et_pb_testimonial author=\u00a0\u00bbLola Hennebert\u00a0\u00bb job_title=\u00a0\u00bbResponsable du p\u00f4le Bien \u00catre et Sant\u00e9\u00a0\u00bb portrait_url=\u00a0\u00bbhttps:\/\/trend-setting.fr\/1a1fr1\/wp-content\/uploads\/sites\/2\/2024\/04\/IMG_BA26B8B51112-1.jpeg\u00a0\u00bb _builder_version=\u00a0\u00bb4.23.1&Prime; _module_preset=\u00a0\u00bbdefault\u00a0\u00bb global_colors_info=\u00a0\u00bb{}\u00a0\u00bb]<\/p>\n<p style=\"text-align: center\">\u00ab\u00a0Le bien \u00eatre, c&rsquo;est avant tout un \u00e9tat d&rsquo;esprit \u00e0 adopter\u00a0\u00bb<\/p>\n<p style=\"text-align: center\">[\/et_pb_testimonial][\/et_pb_column][et_pb_column type=\u00a0\u00bb1_5&Prime; _builder_version=\u00a0\u00bb4.23.1&Prime; _module_preset=\u00a0\u00bbdefault\u00a0\u00bb global_colors_info=\u00a0\u00bb{}\u00a0\u00bb][et_pb_testimonial author=\u00a0\u00bbMathilde Douangmala\u00a0\u00bb job_title=\u00a0\u00bbResponsable du p\u00f4le Lifestyle\u00a0\u00bb portrait_url=\u00a0\u00bbhttps:\/\/trend-setting.fr\/1a1fr1\/wp-content\/uploads\/sites\/2\/2024\/04\/4B825223-1ED6-49C1-81F2-A645F2CA52FF.jpg\u00a0\u00bb _builder_version=\u00a0\u00bb4.23.1&Prime; _module_preset=\u00a0\u00bbdefault\u00a0\u00bb global_colors_info=\u00a0\u00bb{}\u00a0\u00bb]<\/p>\n<p style=\"text-align: center\">\u00ab\u00a0Pour \u00eatre irrempla\u00e7able, il faut vivre diff\u00e9remment\u00a0\u00bb<\/p>\n<p style=\"text-align: center\">\n<p>[\/et_pb_testimonial][\/et_pb_column][et_pb_column type=\u00a0\u00bb1_5&Prime; _builder_version=\u00a0\u00bb4.23.1&Prime; _module_preset=\u00a0\u00bbdefault\u00a0\u00bb global_colors_info=\u00a0\u00bb{}\u00a0\u00bb][et_pb_testimonial author=\u00a0\u00bbManon Pancrazi\u00a0\u00bb job_title=\u00a0\u00bbResponsable du p\u00f4le Beaut\u00e9\u00a0\u00bb portrait_url=\u00a0\u00bbhttps:\/\/trend-setting.fr\/1a1fr1\/wp-content\/uploads\/sites\/2\/2024\/04\/IMG_8896.jpg\u00a0\u00bb _builder_version=\u00a0\u00bb4.23.1&Prime; _module_preset=\u00a0\u00bbdefault\u00a0\u00bb global_colors_info=\u00a0\u00bb{}\u00a0\u00bb]<\/p>\n<p style=\"text-align: center\">\u00ab\u00a0La beaut\u00e9 se trouve \u00e0 travers la diff\u00e9rence\u00a0\u00bb<\/p>\n<p style=\"text-align: center\">\n<p style=\"text-align: center\">\n<p>[\/et_pb_testimonial][\/et_pb_column][et_pb_column type=\u00a0\u00bb1_5&Prime; _builder_version=\u00a0\u00bb4.23.1&Prime; _module_preset=\u00a0\u00bbdefault\u00a0\u00bb global_colors_info=\u00a0\u00bb{}\u00a0\u00bb][et_pb_testimonial author=\u00a0\u00bbServane De Cordon \u00a0\u00bb job_title=\u00a0\u00bbResponsable du p\u00f4le D\u00e9coration\u00a0\u00bb portrait_url=\u00a0\u00bbhttps:\/\/trend-setting.fr\/1a1fr1\/wp-content\/uploads\/sites\/2\/2024\/04\/photo-servane.jpg\u00a0\u00bb _builder_version=\u00a0\u00bb4.23.1&Prime; _module_preset=\u00a0\u00bbdefault\u00a0\u00bb global_colors_info=\u00a0\u00bb{}\u00a0\u00bb]<\/p>\n<p style=\"text-align: center\">\u00ab\u00a0Notre chez nous, est la projection de notre \u00e2me\u00a0\u00bb<\/p>\n<p style=\"text-align: center\">\n<p>[\/et_pb_testimonial][\/et_pb_column][\/et_pb_row][\/et_pb_section][et_pb_section fb_built=\u00a0\u00bb1&Prime; _builder_version=\u00a0\u00bb4.23.1&Prime; _module_preset=\u00a0\u00bbdefault\u00a0\u00bb global_colors_info=\u00a0\u00bb{}\u00a0\u00bb][et_pb_row _builder_version=\u00a0\u00bb4.23.1&Prime; _module_preset=\u00a0\u00bbdefault\u00a0\u00bb][et_pb_column _builder_version=\u00a0\u00bb4.23.1&Prime; _module_preset=\u00a0\u00bbdefault\u00a0\u00bb type=\u00a0\u00bb4_4&Prime;][et_pb_image src=\u00a0\u00bbhttps:\/\/trend-setting.fr\/1a1fr1\/wp-content\/uploads\/sites\/2\/2024\/04\/181658833-une-seule-ligne-continue-de-groupe-de-femme-d-affaires-a-la-mode-isole-sur-fond-blanc-removebg-preview.png\u00a0\u00bb _builder_version=\u00a0\u00bb4.23.1&Prime; _module_preset=\u00a0\u00bbdefault\u00a0\u00bb title_text=\u00a0\u00bb181658833-une-seule-ligne-continue-de-groupe-de-femme-d-affaires-\u00e0-la-mode-isol\u00e9-sur-fond-blanc-removebg-preview\u00a0\u00bb align=\u00a0\u00bbcenter\u00a0\u00bb hover_enabled=\u00a0\u00bb0&Prime; sticky_enabled=\u00a0\u00bb0&Prime;][\/et_pb_image][\/et_pb_column][\/et_pb_row][\/et_pb_section]<\/p>\n","protected":false},"excerpt":{"rendered":"<p>\u00a0Selfish Magazine propose une nouvelle \u00e8re du magazine f\u00e9minin \u00e0 travers une \u00e9quipe compos\u00e9e uniquement de femmes. C&rsquo;est alors, Astrid, Lola, Mathilde, Manon et Servane qui se partageant les 5 p\u00f4les \u00e9voquait par notre magazine. \u00c0 travers une sensibilit\u00e9 propre \u00e0 chacune, une ADN et un univers unique se cr\u00e9\u00e9e. Il est important pour notre [&hellip;]<\/p>\n","protected":false},"author":5,"featured_media":0,"parent":0,"menu_order":0,"comment_status":"closed","ping_status":"closed","template":"","meta":{"_et_pb_use_builder":"on","_et_pb_old_content":"","_et_gb_content_width":"","footnotes":""},"yoast_head":"<!-- This site is optimized with the Yoast SEO plugin v22.3 - https:\/\/yoast.com\/wordpress\/plugins\/seo\/ -->\n<title>\u00c9quipe - Groupe 1 2A1<\/title>\n<meta name=\"description\" content=\"Retrouvez la composition de notre \u00e9quipe compos\u00e9e de femmes. C&#039;est \u00e0 travers un univers propre \u00e0 chacune, que l&#039;ADN de notre magazine se cr\u00e9e.\" \/>\n<meta name=\"robots\" content=\"index, follow, max-snippet:-1, max-image-preview:large, max-video-preview:-1\" \/>\n<link rel=\"canonical\" href=\"https:\/\/trend-setting.fr\/1a1fr1\/notre-equipe\/\" \/>\n<meta property=\"og:locale\" content=\"fr_FR\" \/>\n<meta property=\"og:type\" content=\"article\" \/>\n<meta property=\"og:title\" content=\"\u00c9quipe - Groupe 1 2A1\" \/>\n<meta property=\"og:description\" content=\"Retrouvez la composition de notre \u00e9quipe compos\u00e9e de femmes. C&#039;est \u00e0 travers un univers propre \u00e0 chacune, que l&#039;ADN de notre magazine se cr\u00e9e.\" \/>\n<meta property=\"og:url\" content=\"https:\/\/trend-setting.fr\/1a1fr1\/notre-equipe\/\" \/>\n<meta property=\"og:site_name\" content=\"Groupe 1 2A1\" \/>\n<meta property=\"article:modified_time\" content=\"2024-04-18T10:22:24+00:00\" \/>\n<meta name=\"twitter:card\" content=\"summary_large_image\" \/>\n<meta name=\"twitter:label1\" content=\"Dur\u00e9e de lecture estim\u00e9e\" \/>\n\t<meta name=\"twitter:data1\" content=\"2 minutes\" \/>\n<script type=\"application\/ld+json\" class=\"yoast-schema-graph\">{\"@context\":\"https:\/\/schema.org\",\"@graph\":[{\"@type\":\"WebPage\",\"@id\":\"https:\/\/trend-setting.fr\/1a1fr1\/notre-equipe\/\",\"url\":\"https:\/\/trend-setting.fr\/1a1fr1\/notre-equipe\/\",\"name\":\"\u00c9quipe - Groupe 1 2A1\",\"isPartOf\":{\"@id\":\"https:\/\/trend-setting.fr\/1a1fr1\/#website\"},\"datePublished\":\"2024-01-02T11:38:59+00:00\",\"dateModified\":\"2024-04-18T10:22:24+00:00\",\"description\":\"Retrouvez la composition de notre \u00e9quipe compos\u00e9e de femmes. C'est \u00e0 travers un univers propre \u00e0 chacune, que l'ADN de notre magazine se cr\u00e9e.\",\"breadcrumb\":{\"@id\":\"https:\/\/trend-setting.fr\/1a1fr1\/notre-equipe\/#breadcrumb\"},\"inLanguage\":\"fr-FR\",\"potentialAction\":[{\"@type\":\"ReadAction\",\"target\":[\"https:\/\/trend-setting.fr\/1a1fr1\/notre-equipe\/\"]}]},{\"@type\":\"BreadcrumbList\",\"@id\":\"https:\/\/trend-setting.fr\/1a1fr1\/notre-equipe\/#breadcrumb\",\"itemListElement\":[{\"@type\":\"ListItem\",\"position\":1,\"name\":\"Accueil\",\"item\":\"https:\/\/trend-setting.fr\/1a1fr1\/\"},{\"@type\":\"ListItem\",\"position\":2,\"name\":\"\u00c9quipe\"}]},{\"@type\":\"WebSite\",\"@id\":\"https:\/\/trend-setting.fr\/1a1fr1\/#website\",\"url\":\"https:\/\/trend-setting.fr\/1a1fr1\/\",\"name\":\"Groupe 1 2A1\",\"description\":\"\",\"potentialAction\":[{\"@type\":\"SearchAction\",\"target\":{\"@type\":\"EntryPoint\",\"urlTemplate\":\"https:\/\/trend-setting.fr\/1a1fr1\/?s={search_term_string}\"},\"query-input\":\"required name=search_term_string\"}],\"inLanguage\":\"fr-FR\"}]}<\/script>\n<!-- \/ Yoast SEO plugin. -->","yoast_head_json":{"title":"\u00c9quipe - Groupe 1 2A1","description":"Retrouvez la composition de notre \u00e9quipe compos\u00e9e de femmes. C'est \u00e0 travers un univers propre \u00e0 chacune, que l'ADN de notre magazine se cr\u00e9e.","robots":{"index":"index","follow":"follow","max-snippet":"max-snippet:-1","max-image-preview":"max-image-preview:large","max-video-preview":"max-video-preview:-1"},"canonical":"https:\/\/trend-setting.fr\/1a1fr1\/notre-equipe\/","og_locale":"fr_FR","og_type":"article","og_title":"\u00c9quipe - Groupe 1 2A1","og_description":"Retrouvez la composition de notre \u00e9quipe compos\u00e9e de femmes. C'est \u00e0 travers un univers propre \u00e0 chacune, que l'ADN de notre magazine se cr\u00e9e.","og_url":"https:\/\/trend-setting.fr\/1a1fr1\/notre-equipe\/","og_site_name":"Groupe 1 2A1","article_modified_time":"2024-04-18T10:22:24+00:00","twitter_card":"summary_large_image","twitter_misc":{"Dur\u00e9e de lecture estim\u00e9e":"2 minutes"},"schema":{"@context":"https:\/\/schema.org","@graph":[{"@type":"WebPage","@id":"https:\/\/trend-setting.fr\/1a1fr1\/notre-equipe\/","url":"https:\/\/trend-setting.fr\/1a1fr1\/notre-equipe\/","name":"\u00c9quipe - Groupe 1 2A1","isPartOf":{"@id":"https:\/\/trend-setting.fr\/1a1fr1\/#website"},"datePublished":"2024-01-02T11:38:59+00:00","dateModified":"2024-04-18T10:22:24+00:00","description":"Retrouvez la composition de notre \u00e9quipe compos\u00e9e de femmes. C'est \u00e0 travers un univers propre \u00e0 chacune, que l'ADN de notre magazine se cr\u00e9e.","breadcrumb":{"@id":"https:\/\/trend-setting.fr\/1a1fr1\/notre-equipe\/#breadcrumb"},"inLanguage":"fr-FR","potentialAction":[{"@type":"ReadAction","target":["https:\/\/trend-setting.fr\/1a1fr1\/notre-equipe\/"]}]},{"@type":"BreadcrumbList","@id":"https:\/\/trend-setting.fr\/1a1fr1\/notre-equipe\/#breadcrumb","itemListElement":[{"@type":"ListItem","position":1,"name":"Accueil","item":"https:\/\/trend-setting.fr\/1a1fr1\/"},{"@type":"ListItem","position":2,"name":"\u00c9quipe"}]},{"@type":"WebSite","@id":"https:\/\/trend-setting.fr\/1a1fr1\/#website","url":"https:\/\/trend-setting.fr\/1a1fr1\/","name":"Groupe 1 2A1","description":"","potentialAction":[{"@type":"SearchAction","target":{"@type":"EntryPoint","urlTemplate":"https:\/\/trend-setting.fr\/1a1fr1\/?s={search_term_string}"},"query-input":"required name=search_term_string"}],"inLanguage":"fr-FR"}]}},"_links":{"self":[{"href":"https:\/\/trend-setting.fr\/1a1fr1\/wp-json\/wp\/v2\/pages\/90"}],"collection":[{"href":"https:\/\/trend-setting.fr\/1a1fr1\/wp-json\/wp\/v2\/pages"}],"about":[{"href":"https:\/\/trend-setting.fr\/1a1fr1\/wp-json\/wp\/v2\/types\/page"}],"author":[{"embeddable":true,"href":"https:\/\/trend-setting.fr\/1a1fr1\/wp-json\/wp\/v2\/users\/5"}],"replies":[{"embeddable":true,"href":"https:\/\/trend-setting.fr\/1a1fr1\/wp-json\/wp\/v2\/comments?post=90"}],"version-history":[{"count":27,"href":"https:\/\/trend-setting.fr\/1a1fr1\/wp-json\/wp\/v2\/pages\/90\/revisions"}],"predecessor-version":[{"id":742,"href":"https:\/\/trend-setting.fr\/1a1fr1\/wp-json\/wp\/v2\/pages\/90\/revisions\/742"}],"wp:attachment":[{"href":"https:\/\/trend-setting.fr\/1a1fr1\/wp-json\/wp\/v2\/media?parent=90"}],"curies":[{"name":"wp","href":"https:\/\/api.w.org\/{rel}","templated":true}]}}