{"id":188,"date":"2024-04-04T10:52:37","date_gmt":"2024-04-04T08:52:37","guid":{"rendered":"https:\/\/trend-setting.fr\/2a1fr2\/?page_id=188"},"modified":"2024-04-14T23:14:21","modified_gmt":"2024-04-14T21:14:21","slug":"partage-passion-mode-photo","status":"publish","type":"page","link":"https:\/\/trend-setting.fr\/2a1fr2\/partage-passion-mode-photo\/","title":{"rendered":"A propos"},"content":{"rendered":"\n[et_pb_section fb_built=\u00a0\u00bb1&Prime; _builder_version=\u00a0\u00bb4.23.1&Prime; _module_preset=\u00a0\u00bbdefault\u00a0\u00bb global_colors_info=\u00a0\u00bb{}\u00a0\u00bb][et_pb_row _builder_version=\u00a0\u00bb4.23.1&Prime; _module_preset=\u00a0\u00bbdefault\u00a0\u00bb global_colors_info=\u00a0\u00bb{}\u00a0\u00bb][et_pb_column type=\u00a0\u00bb4_4&Prime; _builder_version=\u00a0\u00bb4.23.1&Prime; _module_preset=\u00a0\u00bbdefault\u00a0\u00bb global_colors_info=\u00a0\u00bb{}\u00a0\u00bb][et_pb_text _builder_version=\u00a0\u00bb4.23.1&Prime; _module_preset=\u00a0\u00bbdefault\u00a0\u00bb inline_fonts=\u00a0\u00bbAbril Fatface\u00a0\u00bb global_colors_info=\u00a0\u00bb{}\u00a0\u00bb]<h1><span style=\"font-family: 'Abril Fatface';font-weight: normal\">A PROPOS<\/span><\/h1>[\/et_pb_text][\/et_pb_column][\/et_pb_row][et_pb_row _builder_version=\u00a0\u00bb4.23.1&Prime; _module_preset=\u00a0\u00bbdefault\u00a0\u00bb global_colors_info=\u00a0\u00bb{}\u00a0\u00bb][et_pb_column type=\u00a0\u00bb4_4&Prime; _builder_version=\u00a0\u00bb4.23.1&Prime; _module_preset=\u00a0\u00bbdefault\u00a0\u00bb global_colors_info=\u00a0\u00bb{}\u00a0\u00bb][et_pb_divider color=\u00a0\u00bb#000000&Prime; _builder_version=\u00a0\u00bb4.23.1&Prime; _module_preset=\u00a0\u00bbdefault\u00a0\u00bb global_colors_info=\u00a0\u00bb{}\u00a0\u00bb][\/et_pb_divider][\/et_pb_column][\/et_pb_row][et_pb_row column_structure=\u00a0\u00bb3_5,2_5&Prime; _builder_version=\u00a0\u00bb4.23.1&Prime; _module_preset=\u00a0\u00bbdefault\u00a0\u00bb global_colors_info=\u00a0\u00bb{}\u00a0\u00bb][et_pb_column type=\u00a0\u00bb3_5&Prime; _builder_version=\u00a0\u00bb4.23.1&Prime; _module_preset=\u00a0\u00bbdefault\u00a0\u00bb global_colors_info=\u00a0\u00bb{}\u00a0\u00bb][et_pb_text _builder_version=\u00a0\u00bb4.23.1&Prime; _module_preset=\u00a0\u00bbdefault\u00a0\u00bb global_colors_info=\u00a0\u00bb{}\u00a0\u00bb inline_fonts=\u00a0\u00bbAbel\u00a0\u00bb]<p><span style=\"font-family: Abel;font-weight: normal\">Un collectif d&rsquo;\u00e9tudiants se rassemble autour d&rsquo;une passion partag\u00e9e : le d\u00e9sir de partager. Leur int\u00e9r\u00eat commun pour la mode, la musique, l&rsquo;art, le cin\u00e9ma et bien d&rsquo;autres domaines les conduit \u00e0 fonder \u00ab\u00a0Undergrhound\u00a0\u00bb. Leur objectif est clair : cr\u00e9er un magazine abordant une multitude de th\u00e8mes sous un angle non conventionnel et original.<\/span><\/p>\n<p><span style=\"font-family: Abel;font-weight: normal\">Le magazine en ligne est exclusivement consacr\u00e9 \u00e0 l&rsquo;exploration des limites de la pens\u00e9e, de la cr\u00e9ativit\u00e9 et de l&rsquo;innovation. Dans un contexte de perp\u00e9tuelle \u00e9volution, nous adoptons une approche qui int\u00e8gre le pass\u00e9, saisit le pr\u00e9sent et imagine l&rsquo;avenir d&rsquo;une mani\u00e8re qui d\u00e9passe les normes traditionnelles.<\/span><\/p>\n<p><span style=\"font-family: Abel;font-weight: normal\">L\u2019undergrhound s&rsquo;engage \u00e0 repousser les limites de la pens\u00e9e conventionnelle. Notre mission est d&rsquo;inspirer, de provoquer la r\u00e9flexion et de susciter la curiosit\u00e9 en explorant les intersections entre le pass\u00e9, le pr\u00e9sent et le futur.<\/span><\/p>\n<p><span style=\"font-family: Abel;font-weight: normal\"> En nous appuyant sur l&rsquo;esth\u00e9tique r\u00e9tro-futuriste, nous aspirons \u00e0 cr\u00e9er un espace o\u00f9 l&rsquo;imagination peut s&rsquo;\u00e9panouir. Notre vision consiste \u00e0 offrir une plateforme o\u00f9 les id\u00e9es audacieuses, les exp\u00e9rimentations artistiques et les visions de l&rsquo;avenir se rencontrent pour fa\u00e7onner un nouveau r\u00e9cit collectif.<\/span><\/p>\n<p><span style=\"font-family: Abel;font-weight: normal\">Explorez avec nous les derni\u00e8res tendances r\u00e9tro-futuristes, d\u00e9couvrez des interviews exclusives avec des penseurs avant-gardistes, plongez dans des r\u00e9flexions sur la technologie et la soci\u00e9t\u00e9, et laissez-vous inspirer par des \u0153uvres d&rsquo;art et de design visionnaires.<\/span><\/p>\n<p><span style=\"font-family: Abel;font-weight: normal\">Bienvenue dans l&rsquo;univers de L\u2019undergrhound o\u00f9 le pass\u00e9 rencontre l&rsquo;avenir et o\u00f9 chaque page vous invite \u00e0 imaginer ce qui pourrait \u00eatre.<\/span><\/p>[\/et_pb_text][\/et_pb_column][et_pb_column type=\u00a0\u00bb2_5&Prime; _builder_version=\u00a0\u00bb4.23.1&Prime; _module_preset=\u00a0\u00bbdefault\u00a0\u00bb global_colors_info=\u00a0\u00bb{}\u00a0\u00bb][et_pb_image src=\u00a0\u00bbhttps:\/\/trend-setting.fr\/2a1fr2\/wp-content\/uploads\/sites\/3\/2024\/04\/Capture-decran-2024-04-04-a-00.07.30.png\u00a0\u00bb title_text=\u00a0\u00bbCapture d\u2019\u00e9cran 2024-04-04 \u00e0 00.07.30&Prime; _builder_version=\u00a0\u00bb4.23.1&Prime; _module_preset=\u00a0\u00bbdefault\u00a0\u00bb global_colors_info=\u00a0\u00bb{}\u00a0\u00bb][\/et_pb_image][\/et_pb_column][\/et_pb_row][et_pb_row _builder_version=\u00a0\u00bb4.23.1&Prime; _module_preset=\u00a0\u00bbdefault\u00a0\u00bb global_colors_info=\u00a0\u00bb{}\u00a0\u00bb][et_pb_column type=\u00a0\u00bb4_4&Prime; _builder_version=\u00a0\u00bb4.23.1&Prime; _module_preset=\u00a0\u00bbdefault\u00a0\u00bb global_colors_info=\u00a0\u00bb{}\u00a0\u00bb][et_pb_divider color=\u00a0\u00bb#000000&Prime; _builder_version=\u00a0\u00bb4.23.1&Prime; _module_preset=\u00a0\u00bbdefault\u00a0\u00bb global_colors_info=\u00a0\u00bb{}\u00a0\u00bb][\/et_pb_divider][\/et_pb_column][\/et_pb_row][\/et_pb_section]\n","protected":false},"excerpt":{"rendered":"<p>A PROPOSUn collectif d&rsquo;\u00e9tudiants se rassemble autour d&rsquo;une passion partag\u00e9e : le d\u00e9sir de partager. Leur int\u00e9r\u00eat commun pour la mode, la musique, l&rsquo;art, le cin\u00e9ma et bien d&rsquo;autres domaines les conduit \u00e0 fonder \u00ab\u00a0Undergrhound\u00a0\u00bb. Leur objectif est clair : cr\u00e9er un magazine abordant une multitude de th\u00e8mes sous un angle non conventionnel et original. [&hellip;]<\/p>\n","protected":false},"author":12,"featured_media":0,"parent":0,"menu_order":0,"comment_status":"closed","ping_status":"closed","template":"","meta":{"_et_pb_use_builder":"on","_et_pb_old_content":"","_et_gb_content_width":"","footnotes":""},"yoast_head":"<!-- This site is optimized with the Yoast SEO plugin v22.3 - https:\/\/yoast.com\/wordpress\/plugins\/seo\/ -->\n<title>A propos - Groupe 2 2A1<\/title>\n<meta name=\"description\" content=\"n collectif d&#039;\u00e9tudiants se rassemble autour d&#039;une passion partag\u00e9e : le d\u00e9sir de partager. Leur int\u00e9r\u00eat commun pour la mode, la musique, l&#039;art, le cin\u00e9ma et bien d&#039;autres domaines les conduit \u00e0 fonder &quot;Underground&quot;. Leur objectif est clair: cr\u00e9er un magazine abordant une multitude de th\u00e8mes sous un angle non conventionnel et original.....\" \/>\n<meta name=\"robots\" content=\"index, follow, max-snippet:-1, max-image-preview:large, max-video-preview:-1\" \/>\n<link rel=\"canonical\" href=\"https:\/\/trend-setting.fr\/2a1fr2\/partage-passion-mode-photo\/\" \/>\n<meta property=\"og:locale\" content=\"fr_FR\" \/>\n<meta property=\"og:type\" content=\"article\" \/>\n<meta property=\"og:title\" content=\"A propos - Groupe 2 2A1\" \/>\n<meta property=\"og:description\" content=\"n collectif d&#039;\u00e9tudiants se rassemble autour d&#039;une passion partag\u00e9e : le d\u00e9sir de partager. Leur int\u00e9r\u00eat commun pour la mode, la musique, l&#039;art, le cin\u00e9ma et bien d&#039;autres domaines les conduit \u00e0 fonder &quot;Underground&quot;. Leur objectif est clair: cr\u00e9er un magazine abordant une multitude de th\u00e8mes sous un angle non conventionnel et original.....\" \/>\n<meta property=\"og:url\" content=\"https:\/\/trend-setting.fr\/2a1fr2\/partage-passion-mode-photo\/\" \/>\n<meta property=\"og:site_name\" content=\"Groupe 2 2A1\" \/>\n<meta property=\"article:modified_time\" content=\"2024-04-14T21:14:21+00:00\" \/>\n<meta name=\"twitter:card\" content=\"summary_large_image\" \/>\n<meta name=\"twitter:label1\" content=\"Dur\u00e9e de lecture estim\u00e9e\" \/>\n\t<meta name=\"twitter:data1\" content=\"2 minutes\" \/>\n<script type=\"application\/ld+json\" class=\"yoast-schema-graph\">{\"@context\":\"https:\/\/schema.org\",\"@graph\":[{\"@type\":\"WebPage\",\"@id\":\"https:\/\/trend-setting.fr\/2a1fr2\/partage-passion-mode-photo\/\",\"url\":\"https:\/\/trend-setting.fr\/2a1fr2\/partage-passion-mode-photo\/\",\"name\":\"A propos - Groupe 2 2A1\",\"isPartOf\":{\"@id\":\"https:\/\/trend-setting.fr\/2a1fr2\/#website\"},\"datePublished\":\"2024-04-04T08:52:37+00:00\",\"dateModified\":\"2024-04-14T21:14:21+00:00\",\"description\":\"n collectif d'\u00e9tudiants se rassemble autour d'une passion partag\u00e9e : le d\u00e9sir de partager. Leur int\u00e9r\u00eat commun pour la mode, la musique, l'art, le cin\u00e9ma et bien d'autres domaines les conduit \u00e0 fonder \\\"Underground\\\". Leur objectif est clair: cr\u00e9er un magazine abordant une multitude de th\u00e8mes sous un angle non conventionnel et original.....\",\"breadcrumb\":{\"@id\":\"https:\/\/trend-setting.fr\/2a1fr2\/partage-passion-mode-photo\/#breadcrumb\"},\"inLanguage\":\"fr-FR\",\"potentialAction\":[{\"@type\":\"ReadAction\",\"target\":[\"https:\/\/trend-setting.fr\/2a1fr2\/partage-passion-mode-photo\/\"]}]},{\"@type\":\"BreadcrumbList\",\"@id\":\"https:\/\/trend-setting.fr\/2a1fr2\/partage-passion-mode-photo\/#breadcrumb\",\"itemListElement\":[{\"@type\":\"ListItem\",\"position\":1,\"name\":\"Accueil\",\"item\":\"https:\/\/trend-setting.fr\/2a1fr2\/\"},{\"@type\":\"ListItem\",\"position\":2,\"name\":\"A propos\"}]},{\"@type\":\"WebSite\",\"@id\":\"https:\/\/trend-setting.fr\/2a1fr2\/#website\",\"url\":\"https:\/\/trend-setting.fr\/2a1fr2\/\",\"name\":\"Groupe 2 2A1\",\"description\":\"\",\"potentialAction\":[{\"@type\":\"SearchAction\",\"target\":{\"@type\":\"EntryPoint\",\"urlTemplate\":\"https:\/\/trend-setting.fr\/2a1fr2\/?s={search_term_string}\"},\"query-input\":\"required name=search_term_string\"}],\"inLanguage\":\"fr-FR\"}]}<\/script>\n<!-- \/ Yoast SEO plugin. -->","yoast_head_json":{"title":"A propos - Groupe 2 2A1","description":"n collectif d'\u00e9tudiants se rassemble autour d'une passion partag\u00e9e : le d\u00e9sir de partager. Leur int\u00e9r\u00eat commun pour la mode, la musique, l'art, le cin\u00e9ma et bien d'autres domaines les conduit \u00e0 fonder \"Underground\". Leur objectif est clair: cr\u00e9er un magazine abordant une multitude de th\u00e8mes sous un angle non conventionnel et original.....","robots":{"index":"index","follow":"follow","max-snippet":"max-snippet:-1","max-image-preview":"max-image-preview:large","max-video-preview":"max-video-preview:-1"},"canonical":"https:\/\/trend-setting.fr\/2a1fr2\/partage-passion-mode-photo\/","og_locale":"fr_FR","og_type":"article","og_title":"A propos - Groupe 2 2A1","og_description":"n collectif d'\u00e9tudiants se rassemble autour d'une passion partag\u00e9e : le d\u00e9sir de partager. Leur int\u00e9r\u00eat commun pour la mode, la musique, l'art, le cin\u00e9ma et bien d'autres domaines les conduit \u00e0 fonder \"Underground\". Leur objectif est clair: cr\u00e9er un magazine abordant une multitude de th\u00e8mes sous un angle non conventionnel et original.....","og_url":"https:\/\/trend-setting.fr\/2a1fr2\/partage-passion-mode-photo\/","og_site_name":"Groupe 2 2A1","article_modified_time":"2024-04-14T21:14:21+00:00","twitter_card":"summary_large_image","twitter_misc":{"Dur\u00e9e de lecture estim\u00e9e":"2 minutes"},"schema":{"@context":"https:\/\/schema.org","@graph":[{"@type":"WebPage","@id":"https:\/\/trend-setting.fr\/2a1fr2\/partage-passion-mode-photo\/","url":"https:\/\/trend-setting.fr\/2a1fr2\/partage-passion-mode-photo\/","name":"A propos - Groupe 2 2A1","isPartOf":{"@id":"https:\/\/trend-setting.fr\/2a1fr2\/#website"},"datePublished":"2024-04-04T08:52:37+00:00","dateModified":"2024-04-14T21:14:21+00:00","description":"n collectif d'\u00e9tudiants se rassemble autour d'une passion partag\u00e9e : le d\u00e9sir de partager. Leur int\u00e9r\u00eat commun pour la mode, la musique, l'art, le cin\u00e9ma et bien d'autres domaines les conduit \u00e0 fonder \"Underground\". Leur objectif est clair: cr\u00e9er un magazine abordant une multitude de th\u00e8mes sous un angle non conventionnel et original.....","breadcrumb":{"@id":"https:\/\/trend-setting.fr\/2a1fr2\/partage-passion-mode-photo\/#breadcrumb"},"inLanguage":"fr-FR","potentialAction":[{"@type":"ReadAction","target":["https:\/\/trend-setting.fr\/2a1fr2\/partage-passion-mode-photo\/"]}]},{"@type":"BreadcrumbList","@id":"https:\/\/trend-setting.fr\/2a1fr2\/partage-passion-mode-photo\/#breadcrumb","itemListElement":[{"@type":"ListItem","position":1,"name":"Accueil","item":"https:\/\/trend-setting.fr\/2a1fr2\/"},{"@type":"ListItem","position":2,"name":"A propos"}]},{"@type":"WebSite","@id":"https:\/\/trend-setting.fr\/2a1fr2\/#website","url":"https:\/\/trend-setting.fr\/2a1fr2\/","name":"Groupe 2 2A1","description":"","potentialAction":[{"@type":"SearchAction","target":{"@type":"EntryPoint","urlTemplate":"https:\/\/trend-setting.fr\/2a1fr2\/?s={search_term_string}"},"query-input":"required name=search_term_string"}],"inLanguage":"fr-FR"}]}},"_links":{"self":[{"href":"https:\/\/trend-setting.fr\/2a1fr2\/wp-json\/wp\/v2\/pages\/188"}],"collection":[{"href":"https:\/\/trend-setting.fr\/2a1fr2\/wp-json\/wp\/v2\/pages"}],"about":[{"href":"https:\/\/trend-setting.fr\/2a1fr2\/wp-json\/wp\/v2\/types\/page"}],"author":[{"embeddable":true,"href":"https:\/\/trend-setting.fr\/2a1fr2\/wp-json\/wp\/v2\/users\/12"}],"replies":[{"embeddable":true,"href":"https:\/\/trend-setting.fr\/2a1fr2\/wp-json\/wp\/v2\/comments?post=188"}],"version-history":[{"count":6,"href":"https:\/\/trend-setting.fr\/2a1fr2\/wp-json\/wp\/v2\/pages\/188\/revisions"}],"predecessor-version":[{"id":232,"href":"https:\/\/trend-setting.fr\/2a1fr2\/wp-json\/wp\/v2\/pages\/188\/revisions\/232"}],"wp:attachment":[{"href":"https:\/\/trend-setting.fr\/2a1fr2\/wp-json\/wp\/v2\/media?parent=188"}],"curies":[{"name":"wp","href":"https:\/\/api.w.org\/{rel}","templated":true}]}}